{"id":16,"date":"2023-07-06T11:28:29","date_gmt":"2023-07-06T10:28:29","guid":{"rendered":"http:\/\/www.kfv-mol.de\/Wordpress\/?page_id=16"},"modified":"2025-06-20T09:23:26","modified_gmt":"2025-06-20T08:23:26","slug":"informationen","status":"publish","type":"page","link":"https:\/\/kfv-mol.de\/Wordpress\/informationen\/","title":{"rendered":"Informationen"},"content":{"rendered":"<div data-colibri-id=\"16-c1\" class=\"style-602 style-local-16-c1 position-relative\">\n  <!---->\n  <div data-colibri-component=\"section\" data-colibri-id=\"16-c2\" id=\"custom\" class=\"h-section h-section-global-spacing d-flex align-items-lg-center align-items-md-center align-items-center style-1658 style-local-16-c2 position-relative\">\n    <!---->\n    <!---->\n    <div class=\"h-section-grid-container h-section-boxed-container\">\n      <!---->\n      <div data-colibri-id=\"16-c3\" class=\"h-row-container gutters-row-lg-2 gutters-row-md-2 gutters-row-0 gutters-row-v-lg-2 gutters-row-v-md-2 gutters-row-v-2 style-1662 style-local-16-c3 position-relative\">\n        <!---->\n        <div class=\"h-row justify-content-lg-center justify-content-md-center justify-content-center align-items-lg-stretch align-items-md-stretch align-items-stretch gutters-col-lg-2 gutters-col-md-2 gutters-col-0 gutters-col-v-lg-2 gutters-col-v-md-2 gutters-col-v-2\">\n          <!---->\n          <div class=\"h-column h-column-container d-flex h-col-lg-auto h-col-md-auto h-col-auto style-1663-outer style-local-16-c4-outer\">\n            <div data-colibri-id=\"16-c4\" class=\"d-flex h-flex-basis h-column__inner h-px-lg-2 h-px-md-2 h-px-2 v-inner-lg-2 v-inner-md-2 v-inner-2 style-1663 style-local-16-c4 position-relative\">\n              <!---->\n              <!---->\n              <div class=\"w-100 h-y-container h-column__content h-column__v-align flex-basis-100 align-self-lg-start align-self-md-start align-self-start\">\n                <!---->\n                <div data-colibri-id=\"16-c5\" class=\"h-text h-text-component style-1661 style-local-16-c5 position-relative h-element\">\n                  <!---->\n                  <!---->\n                  <div class=\"\">\n                    <h2>Informationen Kreisfeuerwehrverband\n                      <br><span style=\"font-weight: 400; font-size: 24px; font-family: &quot;Open Sans&quot;; color: rgb(61, 61, 61);\">Satzung<\/span><\/h2>\n                    <ul>\n                      <li>\n                        <a href=\"https:\/\/kfv-mol.de\/Wordpress\/wp-content\/uploads\/2018\/04\/S-a-t-z-u-n-g-KFV-MOL.pdf\" style=\"color: rgb(3, 169, 244); font-size: 1em; font-weight: 400; font-family: &quot;Open Sans&quot;;\" class=\"customize-unpreviewable\">Satzung des Kreisfeuerwehrverband M\u00e4rkisch-Oderland e.V<\/a>.<\/li>\n                    <\/ul>\n                    <p><span style=\"font-size: 150%; font-weight: 400; color: rgb(61, 61, 61);\">Ordnungen<\/span><\/p>\n                    <ul>\n                      <li>\n                        <a href=\"https:\/\/kfv-mol.de\/Wordpress\/wp-content\/uploads\/2024\/01\/KFV-MOL-Geschaeftsordnung-Vorstand-vom-22.04.2023.pdf\" style=\"color: rgb(3, 169, 244); font-size: 1em; font-weight: 400; font-family: &quot;Open Sans&quot;;\" class=\"customize-unpreviewable\">Gesch\u00e4ftsordnung Vorstand vom 22.04.2023 <\/a>\n                      <\/li>\n                      <li>\n                        <a href=\"https:\/\/kfv-mol.de\/Wordpress\/wp-content\/uploads\/2018\/04\/Gesch%C3%A4ftsordnung-HA-vom-17.04.2010.pdf\" style=\"color: rgb(3, 169, 244); font-size: 1em; font-weight: 400; font-family: &quot;Open Sans&quot;;\" class=\"customize-unpreviewable\">Gesch\u00e4ftsordnung HA vom 17.04.2010<\/a>\n                      <\/li>\n                      <li>\n                        <a href=\"https:\/\/kfv-mol.de\/Wordpress\/wp-content\/uploads\/2018\/04\/Finanz-und-Beitragsordnung-KFV-MOL.pdf\" style=\"color: rgb(3, 169, 244); font-size: 1em; font-weight: 400; font-family: &quot;Open Sans&quot;;\" class=\"customize-unpreviewable\">Beitragsordnung KFV MOL<\/a>\n                      <\/li>\n                      <li>\n                        <a href=\"https:\/\/kfv-mol.de\/Wordpress\/wp-content\/uploads\/2024\/01\/KFV-MOL-Finanzordnung-vom-16.03.2023.pdf\" style=\"color: rgb(3, 169, 244); font-size: 1em; font-weight: 400; font-family: &quot;Open Sans&quot;;\" class=\"customize-unpreviewable\">Finanzordnung KFV MOL vom 16.03.2023<\/a>\n                      <\/li>\n                    <\/ul>\n                    <p><span style=\"color: rgb(61, 61, 61); font-size: 24px; font-weight: 400; font-family: &quot;Open Sans&quot;;\">Richtlinien<\/span><\/p>\n                    <ul>\n                      <li>\n                        <a href=\"https:\/\/kfv-mol.de\/Wordpress\/wp-content\/uploads\/2024\/01\/RI-02-2024-Ehrennadel-v1.3.pdf\" style=\"font-family: &quot;Open Sans&quot;; font-weight: 400; font-size: 1em; color: rgb(3, 169, 244);\" class=\"customize-unpreviewable\">Richtlinie zur Verleihung der Ehrennadel des KFV-MOL<\/a>\n                      <\/li>\n                      <li>\n                        <a href=\"https:\/\/kfv-mol.de\/Wordpress\/wp-content\/uploads\/2024\/06\/RI-01-2024-Richtlinie-Ehrenzeichen-KFV-MOL-v1.4.pdf\" style=\"color: rgb(3, 169, 244); font-size: 1em; font-weight: 400; font-family: &quot;Open Sans&quot;;\" class=\"customize-unpreviewable\">Richtlinie zur Verleihung des Ehrenzeichen des KFV-MOL<\/a>\n                      <\/li>\n                      <li>\n                        <a href=\"https:\/\/kfv-mol.de\/Wordpress\/wp-content\/uploads\/2024\/01\/RI-03-2024-Sonderehrung-30-Jahre-KFV-v1.3.pdf\" style=\"color: rgb(3, 169, 244); font-size: 1em; font-weight: 400; font-family: &quot;Open Sans&quot;;\" class=\"customize-unpreviewable\">Richtlinie zur Verleihung der Sonderehrung 30 Jahre KFV-MOL<\/a>\n                      <\/li>\n                      <li>\n                        <a href=\"https:\/\/kfv-mol.de\/Wordpress\/wp-content\/uploads\/2018\/04\/Ordnung-zur-Ehrung-und-W%C3%BCrdigung-28.03.09.pdf\" style=\"color: rgb(3, 169, 244); font-size: 1em; font-weight: 400; font-family: &quot;Open Sans&quot;;\" class=\"customize-unpreviewable\">Ordnung zur Ehrung und W\u00fcrdigung<\/a>\n                      <\/li>\n                      <li>\n                        <a href=\"https:\/\/kfv-mol.de\/Wordpress\/wp-content\/uploads\/2018\/04\/Richtlinie-Ehrenmitgl-u-Ehrenamt-28.03.09.pdf\" style=\"color: rgb(3, 169, 244); font-size: 1em; font-weight: 400; font-family: &quot;Open Sans&quot;;\" class=\"customize-unpreviewable\">Richtlinie Ehrenmitgliedschaft und Ehrenamt<\/a>\n                      <\/li>\n                    <\/ul>\n                    <p><span style=\"color: rgb(61, 61, 61); font-size: 24px; font-weight: 400; font-family: &quot;Open Sans&quot;;\">Antr\u00e4ge<\/span><\/p>\n                    <ul>\n                      <li>\n                        <a href=\"https:\/\/kfv-mol.de\/Wordpress\/wp-content\/uploads\/2024\/01\/AN-01-2024-Antrag-Ehrennadel-v1.2.zip\" style=\"color: rgb(3, 169, 244); font-size: 1em; font-weight: 400; font-family: &quot;Open Sans&quot;;\" class=\"customize-unpreviewable\">Antrag auf Verleihung der Ehrennadel des KFV-MOL<\/a>\n                      <\/li>\n                      <li>\n                        <a href=\"https:\/\/kfv-mol.de\/Wordpress\/wp-content\/uploads\/2024\/01\/AN-02-2024-Antrag-Ehrenzeichen-v1.1.zip\" style=\"color: rgb(3, 169, 244); font-size: 1em; font-weight: 400; font-family: &quot;Open Sans&quot;;\" class=\"customize-unpreviewable\">Antrag auf Verleihung der Ehrenzeichen des KFV-MOL<\/a>\n                      <\/li>\n                      <li>\n                        <a href=\"https:\/\/kfv-mol.de\/Wordpress\/wp-content\/uploads\/2024\/01\/AN-03-2024-Antrag-Sonderehrung-30-Jahre-KFV-MOL-v1.2.zip\" style=\"font-family: &quot;Open Sans&quot;; font-weight: 400; font-size: 1em; color: rgb(3, 169, 244);\" class=\"customize-unpreviewable\">Antrag auf Verleihung der Sonderehrung 30 Jahre KFV-MOL<\/a>\n                      <\/li>\n                    <\/ul>\n                    <p><span style=\"color: rgb(61, 61, 61); font-size: 24px; font-weight: 400; font-family: &quot;Open Sans&quot;;\">\ufeffDokumente LFV-BB<\/span><\/p>\n                    <ul>\n                      <li>\n                        <a href=\"https:\/\/www.lfv-bb.de\/service\/downloads\" style=\"color: rgb(3, 169, 244); font-size: 1em; font-weight: 400; font-family: &quot;Open Sans&quot;;\" class=\"customize-unpreviewable\">Dokumente des Landesfeuerwehrverband Brandenburg<\/a>\n                      <\/li>\n                    <\/ul>\n                    <h2>Antr\u00e4ge Kreisfeuerwehrverband<\/h2>\n                    <ul>\n                      <li>\n                        <a href=\"https:\/\/kfv-mol.de\/Wordpress\/wp-content\/uploads\/2018\/04\/antrag-auf-finanzielle-unterstuetzung-KFV.doc\" style=\"color: rgb(3, 169, 244); font-size: 1em; font-weight: 400; font-family: &quot;Open Sans&quot;;\" class=\"customize-unpreviewable\">Antrag auf finanzielle Unterst\u00fctzung KFV-MOL<\/a>\n                      <\/li>\n                      <li>\n                        <a href=\"https:\/\/kfv-mol.de\/Wordpress\/wp-content\/uploads\/2024\/01\/AN-01-2024-Ehrennadel-v1.1.zip\" style=\"color: rgb(3, 169, 244); font-size: 1em; font-weight: 400; font-family: -apple-system, BlinkMacSystemFont, &quot;Segoe UI&quot;, Roboto, Oxygen-Sans, Ubuntu, Cantarell, &quot;Helvetica Neue&quot;, sans-serif;\"\n                          class=\"customize-unpreviewable\">Antrag Ehrennadel KFV-MOL<\/a>\n                      <\/li>\n                      <li>\n                        <a href=\"https:\/\/kfv-mol.de\/Wordpress\/wp-content\/uploads\/2024\/01\/AN-02-2024-Ehrenzeichen-v1.1.zip\" style=\"color: rgb(3, 169, 244); font-size: 1em; font-weight: 400; font-family: -apple-system, BlinkMacSystemFont, &quot;Segoe UI&quot;, Roboto, Oxygen-Sans, Ubuntu, Cantarell, &quot;Helvetica Neue&quot;, sans-serif;\"\n                          class=\"customize-unpreviewable\">Antrag Ehrenzeichen KFV-MOL<\/a>\n                      <\/li>\n                      <li>\n                        <a href=\"https:\/\/kfv-mol.de\/Wordpress\/wp-content\/uploads\/2024\/01\/AN-03-2024-Sonderehrung-30-Jahre-KFV-MOL-v1.1.zip\" style=\"color: rgb(3, 169, 244); font-size: 1em; font-weight: 400; font-family: -apple-system, BlinkMacSystemFont, &quot;Segoe UI&quot;, Roboto, Oxygen-Sans, Ubuntu, Cantarell, &quot;Helvetica Neue&quot;, sans-serif;\"\n                          class=\"customize-unpreviewable\">Antrag Sonderehrung 30 Jahre KFV-MOL<\/a>\n                      <\/li>\n                    <\/ul>\n                    <h2>Traditionspflege \/ Historik<\/h2>\n                    <ul>\n                      <li>\n                        <a href=\"https:\/\/kfv-mol.de\/Wordpress\/wp-content\/uploads\/2023\/11\/Feuerwehr-Gruendungen-Stand-2023.pdf\" style=\"color: rgb(3, 169, 244); font-size: 1em; font-weight: 400; font-family: &quot;Open Sans&quot;;\" class=\"customize-unpreviewable\">Feuerwehr Gr\u00fcndungen Stand 2023<\/a>\n                      <\/li>\n                      <li>\n                        <a href=\"https:\/\/kfv-mol.de\/Wordpress\/wp-content\/uploads\/2023\/11\/Heft-26-Feuerwehren-im-ehem-Kr-Strausberg-1952-1994.pdf\" style=\"color: rgb(3, 169, 244); font-size: 1em; font-weight: 400; font-family: &quot;Open Sans&quot;;\" class=\"customize-unpreviewable\">Heft 26 Feuerwehren im ehemaligen Kreis Strausberg 1952-1994<\/a>\n                      <\/li>\n                      <li>\n                        <a href=\"https:\/\/kfv-mol.de\/Wordpress\/wp-content\/uploads\/2022\/04\/Inhaltsverzeichnis-Ordner-Historische-Unterlagen.pdf\" style=\"color: rgb(3, 169, 244); font-size: revert; font-weight: 400; font-family: -apple-system, BlinkMacSystemFont, &quot;Segoe UI&quot;, Roboto, Oxygen-Sans, Ubuntu, Cantarell, &quot;Helvetica Neue&quot;, sans-serif;\"\n                          class=\"customize-unpreviewable\">Inhaltsverzeichnis historischer Unterlagen<\/a>\n                      <\/li>\n                    <\/ul>\n                    <h2>Antr\u00e4ge Kreisjugendfeuerwehr<\/h2>\n                    <ul>\n                      <li>\n                        <a href=\"https:\/\/kfv-mol.de\/Wordpress\/informationen\/antrag-ehrennadel-der-kjf\" rel=\"attachment wp-att-1943\" style=\"color: rgb(3, 169, 244); font-size: 1em; font-weight: 400; font-family: &quot;Open Sans&quot;;\">Antrag Ehrennadel der Kreisjugendfeuerwehr Mol<\/a>\n                      <\/li>\n                      <li>\n                        <a href=\"https:\/\/kfv-mol.de\/Wordpress\/informationen\/antrag-ehrenzeichen-landesjugendfeuerwehr\" rel=\"attachment wp-att-1879\" style=\"color: rgb(3, 169, 244); font-size: 1em; font-weight: 400; font-family: -apple-system, BlinkMacSystemFont, &quot;Segoe UI&quot;, Roboto, Oxygen-Sans, Ubuntu, Cantarell, &quot;Helvetica Neue&quot;, sans-serif;\">Antrag-Ehrenzeichen-Landesjugendfeuerwehr<\/a>\n                      <\/li>\n                      <li>\n                        <a href=\"https:\/\/kfv-mol.de\/Wordpress\/wp-content\/uploads\/2018\/11\/Richtlinie-F%C3%B6rderung.pdf\" style=\"color: rgb(3, 169, 244); font-size: 1em; font-weight: 400; font-family: &quot;Open Sans&quot;;\" class=\"customize-unpreviewable\">Richtlinie F\u00f6rderung Kreisjugendfeuerwehr MOL<\/a>\n                      <\/li>\n                      <li>\n                        <a href=\"https:\/\/kfv-mol.de\/Wordpress\/wp-content\/uploads\/2021\/07\/Antrag_J-2.docx\" style=\"color: rgb(3, 169, 244); font-size: 1em; font-weight: 400; font-family: &quot;Open Sans&quot;;\" class=\"customize-unpreviewable\">Antrag J<\/a>\n                      <\/li>\n                      <li>\n                        <a href=\"https:\/\/kfv-mol.de\/Wordpress\/wp-content\/uploads\/2024\/05\/Teilnehmerliste-L-Antrag-2024.xlsx\" style=\"color: rgb(3, 169, 244); font-size: 1em; font-weight: 400; font-family: &quot;Open Sans&quot;;\" class=\"customize-unpreviewable\">Antrag L<\/a>\n                      <\/li>\n                    <\/ul>\n                    <h2>Information Kreisjugendfeuerwehr<\/h2>\n                    <ul>\n                      <li>\n                        <a href=\"https:\/\/kfv-mol.de\/Wordpress\/informationen\/richtlinie-ehrennadel-der-kreisjugendfeuerwehr-mol\" rel=\"attachment wp-att-1959\" style=\"color: rgb(3, 169, 244); font-size: 1em; font-weight: 400; font-family: &quot;Open Sans&quot;;\">Richtlinie Ehrennadel der Kreisjugendfeuerwehr MOL<\/a>\n                      <\/li>\n                      <li>\n                        <a href=\"https:\/\/kfv-mol.de\/Wordpress\/wp-content\/uploads\/2018\/11\/Richtlinie_Auszeichnungsbedingung_Ehrenzeichen-2017.pdf\" style=\"color: rgb(3, 169, 244); font-size: 1em; font-weight: 400; font-family: -apple-system, BlinkMacSystemFont, &quot;Segoe UI&quot;, Roboto, Oxygen-Sans, Ubuntu, Cantarell, &quot;Helvetica Neue&quot;, sans-serif;\"\n                          class=\"customize-unpreviewable\">Richtlinie Ehrenzeichen Landesjugendfeuerwehr Brandenburg<\/a>\n                      <\/li>\n                      <li>\n                        <a href=\"https:\/\/kfv-mol.de\/Wordpress\/wp-content\/uploads\/2011\/03\/Richtlinie-der-KJF-MOLJugendflamme.pdf\" style=\"color: rgb(3, 169, 244); font-size: 1em; font-weight: 400; font-family: &quot;Open Sans&quot;;\" class=\"customize-unpreviewable\">Richtlinie Jugendflamme der KJF-MOL<\/a>\n                      <\/li>\n                      <li>\n                        <a href=\"https:\/\/kfv-mol.de\/Wordpress\/wp-content\/uploads\/2011\/03\/Jugendflamme-Anlage-1.1.pdf\" style=\"color: rgb(3, 169, 244); font-size: 1em; font-weight: 400; font-family: &quot;Open Sans&quot;;\" class=\"customize-unpreviewable\">Jugendflamme Anlage 1.1<\/a>\n                      <\/li>\n                      <li>\n                        <a href=\"https:\/\/kfv-mol.de\/Wordpress\/wp-content\/uploads\/2011\/03\/Jugendflamme-Anlage-1.2.pdf\" style=\"color: rgb(3, 169, 244); font-size: 1em; font-weight: 400; font-family: &quot;Open Sans&quot;;\" class=\"customize-unpreviewable\">Jugendflamme Anlage 1.2<\/a>\n                      <\/li>\n                      <li>\n                        <a href=\"https:\/\/kfv-mol.de\/Wordpress\/wp-content\/uploads\/2011\/03\/Jugendflamme-Anlage-2.1.pdf\" style=\"color: rgb(3, 169, 244); font-size: 1em; font-weight: 400; font-family: &quot;Open Sans&quot;;\" class=\"customize-unpreviewable\">Jugendflamme Anlage 2.1<\/a>\n                      <\/li>\n                      <li>\n                        <a href=\"https:\/\/kfv-mol.de\/Wordpress\/wp-content\/uploads\/2011\/03\/Jugendflamme-Anlage-2.2.pdf\" style=\"color: rgb(3, 169, 244); font-size: 1em; font-weight: 400; font-family: &quot;Open Sans&quot;;\" class=\"customize-unpreviewable\">Jugendflamme Anlage 2.2<\/a>\n                      <\/li>\n                      <li>\n                        <a href=\"https:\/\/kfv-mol.de\/Wordpress\/wp-content\/uploads\/2011\/03\/jugendflamme-Anlage-3.1.pdf\" style=\"color: rgb(3, 169, 244); font-size: 1em; font-weight: 400; font-family: &quot;Open Sans&quot;;\" class=\"customize-unpreviewable\">Jugendflamme Anlage 3.1<\/a>\n                      <\/li>\n                      <li>\n                        <a href=\"https:\/\/kfv-mol.de\/Wordpress\/wp-content\/uploads\/2011\/03\/Information-Jugendflamme-LK-MOL.pdf\" style=\"color: rgb(3, 169, 244); font-size: 1em; font-weight: 400; font-family: &quot;Open Sans&quot;;\" class=\"customize-unpreviewable\">Information Jugendflamme LK MOL<\/a>\n                      <\/li>\n                      <li>\n                        <a href=\"https:\/\/kfv-mol.de\/Wordpress\/wp-content\/uploads\/2011\/03\/Kinderflamme1_Urkunde.pdf\" style=\"color: rgb(3, 169, 244); font-size: 1em; font-weight: 400; font-family: &quot;Open Sans&quot;;\" class=\"customize-unpreviewable\">Urkunde Kinderflamme 1<\/a>\n                      <\/li>\n                      <li>\n                        <a href=\"https:\/\/kfv-mol.de\/Wordpress\/wp-content\/uploads\/2011\/03\/Kinderflamme2_Urkunde.pdf\" style=\"color: rgb(3, 169, 244); font-size: 1em; font-weight: 400; font-family: &quot;Open Sans&quot;;\" class=\"customize-unpreviewable\">Urkunde Kinderflamme 2<\/a>\n                      <\/li>\n                      <li>Wettbewerbe<\/li>\n                      <li>\n                        <a href=\"https:\/\/kfv-mol.de\/Wordpress\/Artikel\/8-seelower-nachtpokallauf-im-loschangriff\/wettkampfordnung\" rel=\"attachment wp-att-137\" style=\"color: rgb(3, 169, 244); font-size: 1em; font-weight: 400; font-family: &quot;Open Sans&quot;;\">Wettkampfordnung<\/a>\n                      <\/li>\n                      <li>\n                        <a href=\"https:\/\/kfv-mol.de\/Wordpress\/Artikel\/einladung-zum-7-championscup-in-sophienthal\/auszug-aus-der-wettkampfordnung\" rel=\"attachment wp-att-1688\" style=\"color: rgb(3, 169, 244); font-size: 1em; font-weight: 400; font-family: &quot;Open Sans&quot;;\">Auszug aus der Wettkampfordnung<\/a>\n                      <\/li>\n                      <li>\n                        <a href=\"https:\/\/kfv-mol.de\/Wordpress\/wp-content\/uploads\/2018\/11\/WBO-Einzeldisziplinen-01.01.2016.pdf\" style=\"color: rgb(3, 169, 244); font-size: 1em; font-weight: 400; font-family: &quot;Open Sans&quot;;\" class=\"customize-unpreviewable\">Wettkampfordnung Jugendfeuerwehr Einzeldisziplinen<\/a>\n                      <\/li>\n                      <li>\n                        <a href=\"https:\/\/kfv-mol.de\/Wordpress\/wp-content\/uploads\/2018\/11\/WBO-Pokaldisziplinen-2.Fassung-01.01.2012.pdf\" style=\"color: rgb(3, 169, 244); font-size: 1em; font-weight: 400; font-family: &quot;Open Sans&quot;;\" class=\"customize-unpreviewable\">Wettkampfordnung Jugendfeuerwehr Pokaldisziplinen 2.Fassung<\/a>\n                      <\/li>\n                    <\/ul>\n                    <h2>Antrag MTF<\/h2>\n                    <ul>\n                      <li>\n                        <a href=\"https:\/\/kfv-mol.de\/Wordpress\/wp-content\/uploads\/2025\/06\/Antrag-MTF-KFV-Antrag.docx\" style=\"color: rgb(3, 169, 244); font-size: 1em; font-weight: 400; font-family: &quot;Open Sans&quot;;\" target=\"_blank\">Antrag-MTF-KFV-Antrag<\/a>\n                      <\/li>\n                    <\/ul>\n                    <p>\n                      <br>\n                    <\/p>\n                  <\/div>\n                <\/div>\n              <\/div>\n            <\/div>\n          <\/div>\n        <\/div>\n      <\/div>\n      <div data-colibri-id=\"16-c6\" class=\"h-row-container gutters-row-lg-2 gutters-row-md-2 gutters-row-0 gutters-row-v-lg-2 gutters-row-v-md-2 gutters-row-v-2 style-1659 style-local-16-c6 position-relative\">\n        <!---->\n        <div class=\"h-row justify-content-lg-center justify-content-md-center justify-content-center align-items-lg-stretch align-items-md-stretch align-items-stretch gutters-col-lg-2 gutters-col-md-2 gutters-col-0 gutters-col-v-lg-2 gutters-col-v-md-2 gutters-col-v-2\">\n          <!---->\n          <div class=\"h-column h-column-container d-flex h-col-lg-auto h-col-md-auto h-col-auto style-1660-outer style-local-16-c7-outer\">\n            <div data-colibri-id=\"16-c7\" class=\"d-flex h-flex-basis h-column__inner h-ui-empty-state-container h-px-lg-2 h-px-md-2 h-px-2 v-inner-lg-2 v-inner-md-2 v-inner-2 style-1660 style-local-16-c7 position-relative\">\n              <!---->\n              <!---->\n              <div class=\"w-100 h-y-container h-column__content h-column__v-align flex-basis-100\">\n                <!---->\n              <\/div>\n            <\/div>\n          <\/div>\n        <\/div>\n      <\/div>\n    <\/div>\n  <\/div>\n<\/div>","protected":false},"excerpt":{"rendered":"<p>Informationen Kreisfeuerwehrverband Satzung Satzung des Kreisfeuerwehrverband M\u00e4rkisch-Oderland e.V. Ordnungen Gesch\u00e4ftsordnung Vorstand vom 22.04.2023 Gesch\u00e4ftsordnung HA vom 17.04.2010 Beitragsordnung KFV MOL Finanzordnung KFV MOL vom 16.03.2023 Richtlinien Richtlinie zur Verleihung der Ehrennadel des KFV-MOL Richtlinie zur Verleihung des Ehrenzeichen des KFV-MOL Richtlinie zur Verleihung der Sonderehrung 30 Jahre KFV-MOL Ordnung zur Ehrung und W\u00fcrdigung Richtlinie Ehrenmitgliedschaft [&hellip;]<\/p>\n","protected":false},"author":1,"featured_media":0,"parent":0,"menu_order":0,"comment_status":"closed","ping_status":"closed","template":"page-templates\/full-width-page.php","meta":{"footnotes":""},"class_list":["post-16","page","type-page","status-publish","hentry"],"_links":{"self":[{"href":"https:\/\/kfv-mol.de\/Wordpress\/wp-json\/wp\/v2\/pages\/16","targetHints":{"allow":["GET"]}}],"collection":[{"href":"https:\/\/kfv-mol.de\/Wordpress\/wp-json\/wp\/v2\/pages"}],"about":[{"href":"https:\/\/kfv-mol.de\/Wordpress\/wp-json\/wp\/v2\/types\/page"}],"author":[{"embeddable":true,"href":"https:\/\/kfv-mol.de\/Wordpress\/wp-json\/wp\/v2\/users\/1"}],"replies":[{"embeddable":true,"href":"https:\/\/kfv-mol.de\/Wordpress\/wp-json\/wp\/v2\/comments?post=16"}],"version-history":[{"count":20,"href":"https:\/\/kfv-mol.de\/Wordpress\/wp-json\/wp\/v2\/pages\/16\/revisions"}],"predecessor-version":[{"id":10195,"href":"https:\/\/kfv-mol.de\/Wordpress\/wp-json\/wp\/v2\/pages\/16\/revisions\/10195"}],"wp:attachment":[{"href":"https:\/\/kfv-mol.de\/Wordpress\/wp-json\/wp\/v2\/media?parent=16"}],"curies":[{"name":"wp","href":"https:\/\/api.w.org\/{rel}","templated":true}]}}